{"id":21093,"date":"2026-01-14T09:26:51","date_gmt":"2026-01-14T09:26:51","guid":{"rendered":"https:\/\/thooft.com\/?post_type=collecties&#038;p=21093"},"modified":"2026-01-14T10:20:45","modified_gmt":"2026-01-14T10:20:45","slug":"ivo-collection-vincent-sheppard","status":"publish","type":"collecties","link":"https:\/\/thooft.com\/fr\/collections\/ivo-collection-vincent-sheppard\/","title":{"rendered":"Ivo"},"content":{"rendered":"<p>Le <a href=\"https:\/\/www.vincentsheppard.com\/eu\/nl\/collecties\/indoor\/ivo-collectie\" target=\"_blank\" rel=\"noopener noreferrer nofollow\"><strong>Collection Ivo<\/strong> Vincent Sheppard<\/a> Ivo s'inspire du langage des formes douces et organiques du rotin et traduit un sentiment de confort domestique en accessoires \u00e9l\u00e9gants pour l'int\u00e9rieur et l'ext\u00e9rieur. Avec ses silhouettes rondes et son look ludique, Ivo apporte chaleur et caract\u00e8re \u00e0 tous les espaces, qu'il s'agisse de terrasses, de v\u00e9randas, d'int\u00e9rieurs ou d'environnements d'accueil.<\/p>\n\n\n\n<h3 class=\"wp-block-heading\"><strong><strong><strong>Formes douces et \u00e9l\u00e9gance ludique<\/strong><\/strong><\/strong><\/h3>\n\n\n\n<p>Le design arrondi de la collection Ivo de Vincent Sheppard cr\u00e9e une pr\u00e9sence subtile et accueillante. L'association de lignes a\u00e9riennes et de mat\u00e9riaux tactiles cr\u00e9e un accent ludique mais sophistiqu\u00e9 qui s'int\u00e8gre sans effort dans des environnements modernes ou plus naturels. Ivo est d\u00e9coratif sans jamais devenir envahissant.<\/p>\n\n\n\n<h3 class=\"wp-block-heading\"><strong><strong><strong>Les stands de l'usine d'Ivo - le vert en t\u00eate<\/strong><\/strong><\/strong><\/h3>\n\n\n\n<p>Avec la <strong>Supports de plantes Ivo<\/strong> ajoutent facilement une couche suppl\u00e9mentaire d'exp\u00e9rience \u00e0 votre espace ext\u00e9rieur ou int\u00e9rieur. Ils sont con\u00e7us pour pr\u00e9senter les plantes de mani\u00e8re \u00e9l\u00e9gante et cr\u00e9er des diff\u00e9rences de hauteur, ce qui permet de cr\u00e9er des compositions dynamiques et superpos\u00e9es.<\/p>\n\n\n\n<p>Les montants offrent un support stable pour les plantes de diff\u00e9rentes tailles et permettent d'int\u00e9grer facilement la verdure dans votre d\u00e9cor de mani\u00e8re \u00e9l\u00e9gante.<\/p>\n\n\n\n<h3 class=\"wp-block-heading\"><strong><strong><strong>Mat\u00e9riaux durables pour l'int\u00e9rieur et l'ext\u00e9rieur<\/strong><\/strong><\/strong><\/h3>\n\n\n\n<p>La collection Ivo Vincent Sheppard est compos\u00e9e de <strong>mat\u00e9riaux de haute qualit\u00e9, r\u00e9sistants aux intemp\u00e9ries<\/strong> con\u00e7u pour une utilisation \u00e0 long terme :<\/p>\n\n\n\n<ul class=\"wp-block-list\">\n<li><strong>Osier synth\u00e9tique<\/strong> pour un look naturel<\/li>\n\n\n\n<li><strong>HPL<\/strong> pour une durabilit\u00e9 accrue<\/li>\n\n\n\n<li><strong>Cadres en aluminium<\/strong> pour la robustesse et l'aspect contemporain<\/li>\n<\/ul>\n\n\n\n<p>Ce choix de mat\u00e9riau permet \u00e0 la collection de s'adapter aussi bien \u00e0 un usage r\u00e9sidentiel qu'\u00e0 des environnements commerciaux tels que des h\u00f4tels, des terrasses et des projets d'accueil.<\/p>\n\n\n\n<h3 class=\"wp-block-heading\"><strong><strong>Polyvalence d\u00e9corative et qualit\u00e9 durable<\/strong><\/strong><\/h3>\n\n\n\n<p>Que vous utilisiez Ivo comme un \u00e9l\u00e9ment d\u00e9coratif subtil ou comme un pr\u00e9sentoir de plantes saisissant, la collection offre un \u00e9quilibre parfait entre l'esth\u00e9tique et la fonctionnalit\u00e9. Gr\u00e2ce \u00e0 sa construction robuste et \u00e0 son design intemporel, vous appr\u00e9cierez ces accessoires \u00e9l\u00e9gants pendant des ann\u00e9es, \u00e0 l'int\u00e9rieur comme \u00e0 l'ext\u00e9rieur.<\/p>\n\n\n\n<h3 class=\"wp-block-heading\"><strong><strong><strong>D\u00e9couvrez la collection Ivo Vincent Sheppard dans notre showroom<\/strong><\/strong><\/strong><\/h3>\n\n\n\n<p>Vous voulez d\u00e9couvrir par vous-m\u00eame les mat\u00e9riaux, les formes et les possibilit\u00e9s de combinaison de la collection Ivo ? <br><strong><a href=\"https:\/\/thooft.com\/fr\/prendre-un-rendez-vous\/\">Visitez notre salle d'exposition<\/a> ou <a href=\"https:\/\/thooft.com\/fr\/contact-et-heures-douverture\/\">contact<\/a> pour obtenir des conseils personnalis\u00e9s en mati\u00e8re de couleurs et de combinaisons.<\/strong> Nos experts en am\u00e9nagement ext\u00e9rieur se feront un plaisir de vous aider \u00e0 cr\u00e9er un cadre ext\u00e9rieur ou int\u00e9rieur parfait qui correspond \u00e0 votre style et \u00e0 votre vision.<\/p>","protected":false},"excerpt":{"rendered":"<p>De Ivo collectie Vincent Sheppard is ge\u00efnspireerd op de zachte, organische vormtaal van rotan en vertaalt een gevoel van huiselijke gezelligheid naar stijlvolle binnen- en buitenaccessoires. Met haar ronde silhouetten en speelse uitstraling voegt Ivo warmte en karakter toe aan elke ruimte \u2014 van terras en veranda tot interieur en hospitalityomgeving. Zachte vormen met een [&hellip;]<\/p>","protected":false},"featured_media":21097,"menu_order":0,"template":"","format":"standard","meta":{"footnotes":""},"type-collectie":[130,128,97,94],"soort":[60],"merk":[62],"class_list":["post-21093","collecties","type-collecties","status-publish","format-standard","has-post-thumbnail","hentry","type-collectie-accessoires","type-collectie-decoratie","type-collectie-planters","type-collectie-tuinsets","soort-klassieke-tuinmeubelen","merk-vincent-sheppard"],"_links":{"self":[{"href":"https:\/\/thooft.com\/fr\/wp-json\/wp\/v2\/collecties\/21093","targetHints":{"allow":["GET"]}}],"collection":[{"href":"https:\/\/thooft.com\/fr\/wp-json\/wp\/v2\/collecties"}],"about":[{"href":"https:\/\/thooft.com\/fr\/wp-json\/wp\/v2\/types\/collecties"}],"version-history":[{"count":1,"href":"https:\/\/thooft.com\/fr\/wp-json\/wp\/v2\/collecties\/21093\/revisions"}],"predecessor-version":[{"id":21098,"href":"https:\/\/thooft.com\/fr\/wp-json\/wp\/v2\/collecties\/21093\/revisions\/21098"}],"wp:featuredmedia":[{"embeddable":true,"href":"https:\/\/thooft.com\/fr\/wp-json\/wp\/v2\/media\/21097"}],"wp:attachment":[{"href":"https:\/\/thooft.com\/fr\/wp-json\/wp\/v2\/media?parent=21093"}],"wp:term":[{"taxonomy":"type-collectie","embeddable":true,"href":"https:\/\/thooft.com\/fr\/wp-json\/wp\/v2\/type-collectie?post=21093"},{"taxonomy":"soort","embeddable":true,"href":"https:\/\/thooft.com\/fr\/wp-json\/wp\/v2\/soort?post=21093"},{"taxonomy":"merk","embeddable":true,"href":"https:\/\/thooft.com\/fr\/wp-json\/wp\/v2\/merk?post=21093"}],"curies":[{"name":"wp","href":"https:\/\/api.w.org\/{rel}","templated":true}]}}