{"id":20365,"date":"2025-12-12T15:04:57","date_gmt":"2025-12-12T15:04:57","guid":{"rendered":"https:\/\/thooft.com\/?post_type=collecties&#038;p=20365"},"modified":"2025-12-12T15:04:58","modified_gmt":"2025-12-12T15:04:58","slug":"collection-nari-pedrali","status":"publish","type":"collecties","link":"https:\/\/thooft.com\/fr\/collections\/collection-nari-pedrali\/","title":{"rendered":"Nar\u00ec"},"content":{"rendered":"<p>Le <a href=\"https:\/\/www.pedrali.com\/en-us\/products\/chairs-design\/nari-armchair-6360\" target=\"_blank\" rel=\"noopener noreferrer nofollow\"><strong>Collection Nar\u00ec<\/strong> <strong>Pedrali<\/strong><\/a><strong> <\/strong>est une interpr\u00e9tation sophistiqu\u00e9e du mobilier de jardin italien classique, traduite dans un langage de conception contemporain et \u00e9l\u00e9gant. Le design rappelle subtilement les premi\u00e8res chaises de jardin en fer forg\u00e9 des collections Pedrali des ann\u00e9es 1960, mais retravaille ces r\u00e9f\u00e9rences historiques pour en faire un fauteuil d'ext\u00e9rieur moderne, au graphisme fort et au confort exceptionnel.<\/p>\n\n\n\n<h3 class=\"wp-block-heading\"><strong><strong><strong><strong>Un clin d'\u0153il contemporain au pass\u00e9<\/strong><\/strong><\/strong><\/strong><\/h3>\n\n\n\n<p>Nar\u00ec allie de mani\u00e8re particuli\u00e8rement harmonieuse la nostalgie et l'innovation Pedrali. La chaise est construite autour d'un <strong>structure solide en acier<\/strong>Le double tube d'acier des pieds conf\u00e8re \u00e0 la chaise un aspect calme et lin\u00e9aire. Le double tube d'acier des pieds conf\u00e8re au design un aspect calme et lin\u00e9aire et renforce le caract\u00e8re architectural de la chaise.<\/p>\n\n\n\n<p>Le r\u00e9sultat est un design qui semble familier mais qui est en m\u00eame temps totalement contemporain - \u00e9l\u00e9gant, l\u00e9ger et parfaitement \u00e9quilibr\u00e9.<\/p>\n\n\n\n<h3 class=\"wp-block-heading\"><strong><strong><strong><strong>L'artisanat de caract\u00e8re<\/strong><\/strong><\/strong><\/strong><\/h3>\n\n\n\n<p>Les accoudoirs et le dossier sont dot\u00e9s d'une finition <strong>vannerie r\u00e9sistante aux intemp\u00e9ries en PVC extrud\u00e9 avec \u00e2me en nylon<\/strong>. Fabriqu\u00e9 \u00e0 la main en Italie par des artisans exp\u00e9riment\u00e9s, ce cannage est un \u00e9l\u00e9ment visuel et fonctionnel essentiel de la chaise.<\/p>\n\n\n\n<p>Le motif se r\u00e9tr\u00e9cit vers le bas de l'assise et s'ouvre vers le haut, rappelant une structure en \u00e9ventail. Ce design s'inspire du dossier embl\u00e9matique de la <strong>Fauteuil Serenella<\/strong> et donne \u00e0 Nar\u00ec son aspect \u00e9l\u00e9gant et reconnaissable.<\/p>\n\n\n\n<h3 class=\"wp-block-heading\"><strong>Un confort qui invite \u00e0 la d\u00e9tente<\/strong><\/h3>\n\n\n\n<p>Outre sa force esth\u00e9tique, la collection Nar\u00ec Pedrali se distingue \u00e9galement par son confort d'assise. L'assise et le dossier sont dot\u00e9s d'un <strong>coussin confortable en mousse de polyur\u00e9thane<\/strong>qui repose sur une structure en lattes d'acier. Cette structure offre un soutien agr\u00e9able et rend la chaise id\u00e9ale pour de longs moments de d\u00e9tente, que ce soit dans un cadre priv\u00e9 ou dans un environnement professionnel.<\/p>\n\n\n\n<h3 class=\"wp-block-heading\"><strong><strong>Un design prim\u00e9<\/strong><\/strong><\/h3>\n\n\n\n<p>La collection Nar\u00ec Pedrali a \u00e9t\u00e9 r\u00e9compens\u00e9e par un <strong>prix du design<\/strong>Ce prix r\u00e9compense la combinaison r\u00e9ussie de la forme, du confort, de l'utilisation des mat\u00e9riaux et de l'artisanat. Ce prix souligne la position de Nar\u00ec en tant qu'objet de design distinct au sein de la gamme de produits d'ext\u00e9rieur de Pedrali.<\/p>\n\n\n\n<h3 class=\"wp-block-heading\"><strong>El\u00e9gance intemporelle pour l'int\u00e9rieur et l'ext\u00e9rieur<\/strong><\/h3>\n\n\n\n<p>Gr\u00e2ce \u00e0 ses mat\u00e9riaux robustes et \u00e0 son design raffin\u00e9, la collection Nar\u00ec Pedrali est parfaite pour les terrasses, les jardins et les v\u00e9randas, ainsi que pour les environnements de restauration et de projet o\u00f9 l'esth\u00e9tique et la durabilit\u00e9 doivent aller de pair. La chaise conf\u00e8re une \u00e9l\u00e9gance douce, presque po\u00e9tique, \u00e0 l'espace dans lequel elle est plac\u00e9e.<\/p>\n\n\n\n<h3 class=\"wp-block-heading\"><strong>D\u00e9couvrir le Nar\u00ec<\/strong> <strong>La collection Pedrali dans notre salle d'exposition<\/strong><\/h3>\n\n\n\n<p>Vous voulez d\u00e9couvrir par vous-m\u00eame le savoir-faire, la vannerie et le confort d'assise du fauteuil Nar\u00ec ?<\/p>\n\n\n\n<p><strong><a href=\"https:\/\/thooft.com\/fr\/prendre-un-rendez-vous\/\">Visitez notre salle d'exposition<\/a><\/strong>&nbsp;ou&nbsp;<strong><a href=\"https:\/\/thooft.com\/fr\/contact-et-heures-douverture\/\">prendre contact<\/a><\/strong>&nbsp;pour les personnes&nbsp;<strong>conseils en mati\u00e8re de couleurs et de combinaisons<\/strong>. Nos experts en am\u00e9nagement ext\u00e9rieur se feront un plaisir de vous aider \u00e0 cr\u00e9er un environnement ext\u00e9rieur ou int\u00e9rieur parfait, correspondant \u00e0 votre style et \u00e0 votre vision.<\/p>","protected":false},"excerpt":{"rendered":"<p>De Nar\u00ec collectie Pedrali is een verfijnde interpretatie van klassiek Italiaans tuinmeubilair, vertaald naar een hedendaagse en elegante vormtaal. Het ontwerp grijpt subtiel terug naar de eerste gesmede ijzeren tuinstoelen uit Pedrali\u2019s collecties van de jaren \u201960, maar herwerkt deze historische referenties tot een moderne, grafisch sterke outdoor armchair met uitzonderlijk comfort. Een eigentijdse knipoog [&hellip;]<\/p>","protected":false},"featured_media":20371,"menu_order":0,"template":"","format":"standard","meta":{"footnotes":""},"type-collectie":[98],"soort":[58,138],"merk":[140],"class_list":["post-20365","collecties","type-collecties","status-publish","format-standard","has-post-thumbnail","hentry","type-collectie-stoelen","soort-moderne-tuinmeubelen","soort-projectmeubilair","merk-pedrali"],"_links":{"self":[{"href":"https:\/\/thooft.com\/fr\/wp-json\/wp\/v2\/collecties\/20365","targetHints":{"allow":["GET"]}}],"collection":[{"href":"https:\/\/thooft.com\/fr\/wp-json\/wp\/v2\/collecties"}],"about":[{"href":"https:\/\/thooft.com\/fr\/wp-json\/wp\/v2\/types\/collecties"}],"version-history":[{"count":1,"href":"https:\/\/thooft.com\/fr\/wp-json\/wp\/v2\/collecties\/20365\/revisions"}],"predecessor-version":[{"id":20372,"href":"https:\/\/thooft.com\/fr\/wp-json\/wp\/v2\/collecties\/20365\/revisions\/20372"}],"wp:featuredmedia":[{"embeddable":true,"href":"https:\/\/thooft.com\/fr\/wp-json\/wp\/v2\/media\/20371"}],"wp:attachment":[{"href":"https:\/\/thooft.com\/fr\/wp-json\/wp\/v2\/media?parent=20365"}],"wp:term":[{"taxonomy":"type-collectie","embeddable":true,"href":"https:\/\/thooft.com\/fr\/wp-json\/wp\/v2\/type-collectie?post=20365"},{"taxonomy":"soort","embeddable":true,"href":"https:\/\/thooft.com\/fr\/wp-json\/wp\/v2\/soort?post=20365"},{"taxonomy":"merk","embeddable":true,"href":"https:\/\/thooft.com\/fr\/wp-json\/wp\/v2\/merk?post=20365"}],"curies":[{"name":"wp","href":"https:\/\/api.w.org\/{rel}","templated":true}]}}