{"id":20316,"date":"2025-12-12T13:26:31","date_gmt":"2025-12-12T13:26:31","guid":{"rendered":"https:\/\/thooft.com\/?post_type=collecties&#038;p=20316"},"modified":"2025-12-12T13:26:32","modified_gmt":"2025-12-12T13:26:32","slug":"coney-collection-pedrali","status":"publish","type":"collecties","link":"https:\/\/thooft.com\/fr\/collections\/coney-collection-pedrali\/","title":{"rendered":"Coney"},"content":{"rendered":"<p>Le <a href=\"https:\/\/www.pedrali.com\/en-us\/products\/chairs-design\/coney-3640\" target=\"_blank\" rel=\"noopener noreferrer nofollow\"><strong>Collection Coney<\/strong> <strong>Pedrali<\/strong><\/a><strong> <\/strong>est une gamme distincte de si\u00e8ges d'ext\u00e9rieur qui allie fonctionnalit\u00e9, confort et puissance graphique. Avec ses lignes \u00e9pur\u00e9es et son aspect sculptural, Coney est con\u00e7u pour donner du caract\u00e8re aux espaces ext\u00e9rieurs, qu'il s'agisse d'environnements urbains, de patios d'h\u00f4tels, de jardins priv\u00e9s ou de terrasses sur les toits.<\/p>\n\n\n\n<h3 class=\"wp-block-heading\"><strong>Une conception graphique avec une forte identit\u00e9<\/strong><\/h3>\n\n\n\n<p>La collection Coney Pedrali est une collection compos\u00e9e d'une <strong>chaise mono-mat\u00e9riau<\/strong>L'assise et le dossier sont constitu\u00e9s d'une structure m\u00e9tallique tubulaire robuste et incurv\u00e9e. L'assise et le dossier forment ensemble une structure tridimensionnelle qui n'est pas seulement visuellement forte, mais qui assure \u00e9galement une excellente stabilit\u00e9 et un confort d'assise ergonomique.<\/p>\n\n\n\n<p>La r\u00e9partition homog\u00e8ne <strong>stores verticaux<\/strong> Les lignes horizontales du dossier, combin\u00e9es aux lignes horizontales de l'assise, cr\u00e9ent un motif graphique reconnaissable. Ce jeu subtil de lignes conf\u00e8re \u00e0 la collection un caract\u00e8re contemporain et architectural.<\/p>\n\n\n\n<h3 class=\"wp-block-heading\"><strong>Confort et ergonomie bien pens\u00e9s<\/strong><\/h3>\n\n\n\n<p>Malgr\u00e9 son design \u00e9pur\u00e9, le Pedrali de la collection Coney offre un confort d'assise surprenant. La forme de l'assise et du dossier soutient naturellement le corps. Pour plus de confort, il y a <strong>coussins d'assise en option<\/strong> disponibles, adapt\u00e9es \u00e0 chaque mod\u00e8le de la collection.<\/p>\n\n\n\n<h3 class=\"wp-block-heading\"><strong>Mod\u00e8les de la collection Coney<\/strong> <strong>Pedrali<\/strong><\/h3>\n\n\n\n<p>La collection se compose de diff\u00e9rentes solutions d'assise parfaitement adapt\u00e9es les unes aux autres :<\/p>\n\n\n\n<ul class=\"wp-block-list\">\n<li><strong>Chaise Coney<\/strong><\/li>\n\n\n\n<li><strong>Fauteuil Coney<\/strong><\/li>\n\n\n\n<li><strong>Chaise longue Coney<\/strong><\/li>\n\n\n\n<li><strong>Coussin d'assise en option pour la chaise et le fauteuil<\/strong><\/li>\n\n\n\n<li><strong>Coussin d'assise optionnel pour la chaise longue<\/strong><\/li>\n<\/ul>\n\n\n\n<p>Gr\u00e2ce \u00e0 cette vari\u00e9t\u00e9, la collection Coney Pedrali peut \u00eatre utilis\u00e9e dans une multitude de contextes, des environnements de projets dynamiques aux terrasses priv\u00e9es intimes.<\/p>\n\n\n\n<h3 class=\"wp-block-heading\"><strong>Empilable et id\u00e9al pour la conception de projets<\/strong><\/h3>\n\n\n\n<p>Toutes les chaises Coney sont <strong>empilable<\/strong>ce qui les rend particuli\u00e8rement adapt\u00e9s \u00e0 un usage professionnel dans la restauration, les espaces publics et les projets o\u00f9 la flexibilit\u00e9 et l'efficacit\u00e9 sont importantes. La combinaison de l'empilabilit\u00e9, de la durabilit\u00e9 et de l'esth\u00e9tique fait de Coney un choix intelligent et \u00e9l\u00e9gant pour une utilisation intensive en ext\u00e9rieur.<\/p>\n\n\n\n<h3 class=\"wp-block-heading\"><strong>Des couleurs qui rehaussent tout espace ext\u00e9rieur<\/strong><\/h3>\n\n\n\n<p>La collection Coney est disponible dans un <strong>grande vari\u00e9t\u00e9 de couleurs<\/strong>Vous pouvez ainsi, sans effort, mettre en valeur les chaises ou les fondre subtilement dans leur environnement. Des nuances discr\u00e8tes aux couleurs expressives, Coney s'adapte \u00e0 toutes les architectures et \u00e0 tous les styles : Coney s'adapte \u00e0 toutes les architectures et \u00e0 tous les styles.<\/p>\n\n\n\n<h3 class=\"wp-block-heading\"><strong>Pour les terrasses urbaines et les espaces ext\u00e9rieurs sophistiqu\u00e9s<\/strong><\/h3>\n\n\n\n<p>Qu'il s'agisse de la terrasse d'un restaurant, d'un espace de d\u00e9tente dans un contexte urbain ou d'une terrasse priv\u00e9e, la collection Coney Pedrali conf\u00e8re une identit\u00e9 distincte \u00e0 tout espace ext\u00e9rieur. Le design est \u00e0 la fois puissant et accessible - un \u00e9quilibre parfait entre design et facilit\u00e9 d'utilisation.<\/p>\n\n\n\n<h3 class=\"wp-block-heading\"><strong>D\u00e9couvrez la collection Coney dans notre showroom<\/strong><\/h3>\n\n\n\n<p>Vous voulez d\u00e9couvrir par vous-m\u00eame les couleurs, le confort d'assise et la finition de Coney ?<\/p>\n\n\n\n<p><strong><a href=\"https:\/\/thooft.com\/fr\/prendre-un-rendez-vous\/\">Visitez notre salle d'exposition<\/a><\/strong>\u00a0ou\u00a0<strong><a href=\"https:\/\/thooft.com\/fr\/contact-et-heures-douverture\/\">prendre contact<\/a><\/strong>\u00a0pour les personnes\u00a0<strong>conseils en mati\u00e8re de couleurs et de combinaisons<\/strong>. Nos experts en am\u00e9nagement ext\u00e9rieur se feront un plaisir de vous aider \u00e0 cr\u00e9er un environnement ext\u00e9rieur ou int\u00e9rieur parfait, correspondant \u00e0 votre style et \u00e0 votre vision.<\/p>","protected":false},"excerpt":{"rendered":"<p>De Coney collectie Pedrali is een uitgesproken outdoor zitmeubelreeks waarin functionaliteit, comfort en grafische kracht samenkomen. Met haar heldere lijnen en sculpturale uitstraling is Coney ontworpen om buitenruimtes karakter te geven \u2014 van stedelijke omgevingen en horecaterrassen tot private tuinen en dakterrassen. Grafisch design met een sterke identiteit De Coney collectie Pedrali is collectie bestaande [&hellip;]<\/p>","protected":false},"featured_media":20322,"menu_order":0,"template":"","format":"standard","meta":{"footnotes":""},"type-collectie":[133,98],"soort":[58,138],"merk":[140],"class_list":["post-20316","collecties","type-collecties","status-publish","format-standard","has-post-thumbnail","hentry","type-collectie-loungestoelen","type-collectie-stoelen","soort-moderne-tuinmeubelen","soort-projectmeubilair","merk-pedrali"],"_links":{"self":[{"href":"https:\/\/thooft.com\/fr\/wp-json\/wp\/v2\/collecties\/20316","targetHints":{"allow":["GET"]}}],"collection":[{"href":"https:\/\/thooft.com\/fr\/wp-json\/wp\/v2\/collecties"}],"about":[{"href":"https:\/\/thooft.com\/fr\/wp-json\/wp\/v2\/types\/collecties"}],"version-history":[{"count":1,"href":"https:\/\/thooft.com\/fr\/wp-json\/wp\/v2\/collecties\/20316\/revisions"}],"predecessor-version":[{"id":20326,"href":"https:\/\/thooft.com\/fr\/wp-json\/wp\/v2\/collecties\/20316\/revisions\/20326"}],"wp:featuredmedia":[{"embeddable":true,"href":"https:\/\/thooft.com\/fr\/wp-json\/wp\/v2\/media\/20322"}],"wp:attachment":[{"href":"https:\/\/thooft.com\/fr\/wp-json\/wp\/v2\/media?parent=20316"}],"wp:term":[{"taxonomy":"type-collectie","embeddable":true,"href":"https:\/\/thooft.com\/fr\/wp-json\/wp\/v2\/type-collectie?post=20316"},{"taxonomy":"soort","embeddable":true,"href":"https:\/\/thooft.com\/fr\/wp-json\/wp\/v2\/soort?post=20316"},{"taxonomy":"merk","embeddable":true,"href":"https:\/\/thooft.com\/fr\/wp-json\/wp\/v2\/merk?post=20316"}],"curies":[{"name":"wp","href":"https:\/\/api.w.org\/{rel}","templated":true}]}}