{"id":14435,"date":"2025-02-27T20:07:37","date_gmt":"2025-02-27T20:07:37","guid":{"rendered":"https:\/\/thooft.bast-agency.com\/?post_type=collecties&#038;p=14435"},"modified":"2025-11-24T10:53:51","modified_gmt":"2025-11-24T10:53:51","slug":"parasol-malibu","status":"publish","type":"collecties","link":"https:\/\/thooft.com\/fr\/collections\/parasol-malibu\/","title":{"rendered":"Parasol Malibu"},"content":{"rendered":"<h2 class=\"wp-block-heading\"><strong>Jardinico Malibu Parasol - Compact, \u00e9l\u00e9gant et directement disponible chez T'Hooft Buitengewoon<\/strong><\/h2>\n\n\n\n<p>Vous cherchez un parasol de qualit\u00e9, \u00e0 la fois \u00e9l\u00e9gant et pratique ? Le parasol <strong><a href=\"https:\/\/jardinico.com\/nl\/\" data-type=\"link\" data-id=\"https:\/\/jardinico.com\/nl\/\" target=\"_blank\" rel=\"noopener noreferrer nofollow\">Jardinico<\/a> Parasol Malibu<\/strong> est le choix id\u00e9al pour ceux qui aiment le style, la facilit\u00e9 d'utilisation et la qualit\u00e9. A l'heure actuelle <strong>T'Hooft Buitengewoon<\/strong> nous avons toujours ce parasol populaire \u00e0 <strong>stock en 200\u00d7200 cm<\/strong>et qu'en <strong>blanc<\/strong> et <strong>le noir<\/strong>. Gr\u00e2ce \u00e0 sa taille compacte et \u00e0 sa fonctionnalit\u00e9 intelligente, le parasol Jardinico Malibu est la solution id\u00e9ale pour les terrasses, les balcons et les espaces ext\u00e9rieurs plus petits qui exigent encore du confort et du luxe.<\/p>\n\n\n\n<blockquote class=\"wp-block-quote is-layout-flow wp-block-quote-is-layout-flow\">\n<p>En bref, ce super parasol que l'on peut descendre sur le m\u00e2t et incliner est le parasol r\u00e9sistant et flexible id\u00e9al pour toutes les situations. Nous avons achet\u00e9 ses derniers stocks et nous avons encore beaucoup de pi\u00e8ces en stock ! D\u00e9couvrez-le <a href=\"https:\/\/shop.thooft.com\/nl\/jardinico-malibu-parasol-thooft-outdoor-13jamalibu?colour=170081\" target=\"_blank\" rel=\"noopener noreferrer nofollow\">sur notre boutique en ligne<\/a> ou venir en chercher un <a href=\"https:\/\/thooft.com\/fr\/contact-et-heures-douverture\/\">dans notre salle d'exposition<\/a>! <\/p>\n<\/blockquote>\n\n\n\n<h3 class=\"wp-block-heading\"><strong>Un petit parasol tr\u00e8s polyvalent<\/strong><\/h3>\n\n\n\n<p>Le <strong>Jardinico Malibu Parasol<\/strong> se distingue par sa polyvalence exceptionnelle. Malgr\u00e9 sa petite taille, il offre une zone d'ombre compl\u00e8te et confortable. La toile carr\u00e9e de 200\u00d7200 cm vous offre juste assez de protection sans obstruer votre vue. Id\u00e9al pour un coin salon confortable, un am\u00e9nagement de jardin compact ou \u00e0 c\u00f4t\u00e9 d'un salon.<\/p>\n\n\n\n<p>La particularit\u00e9 du parasol Jardinico Malibu r\u00e9side dans la facilit\u00e9 avec laquelle il s'adapte \u00e0 toutes les situations. Gr\u00e2ce \u00e0 sa conception intelligente, vous l'utilisez sans aucun effort - chaque fonction est con\u00e7ue pour rendre la vie \u00e0 l'ext\u00e9rieur plus agr\u00e9able.<\/p>\n\n\n\n<h3 class=\"wp-block-heading\"><strong>R\u00e9glage simple de la hauteur<\/strong><\/h3>\n\n\n\n<p>Que vous souhaitiez prendre votre petit-d\u00e9jeuner au soleil le matin ou vous rafra\u00eechir l'apr\u00e8s-midi, l'h\u00f4tel de la ville est \u00e0 votre disposition. <strong>Jardinico Malibu Parasol<\/strong> se d\u00e9place en souplesse avec vous. Le r\u00e9glage de la hauteur se fait de mani\u00e8re l\u00e9g\u00e8re et intuitive et vous permet d'obtenir la position id\u00e9ale en quelques secondes. Ainsi, votre ombre reste toujours optimale, m\u00eame lorsque le soleil est bas ou change au cours de la journ\u00e9e.<\/p>\n\n\n\n<p>Gr\u00e2ce \u00e0 cette possibilit\u00e9 de r\u00e9glage pratique, le parasol Jardinico Malibu est id\u00e9al pour un usage quotidien, tant priv\u00e9 que professionnel. Il est \u00e9galement parfait pour le balcon d'un immeuble d'habitation, car il s'ins\u00e8re toujours facilement sous le balcon du dessus et peut \u00e9galement emp\u00eacher le soleil bas du soir de p\u00e9n\u00e9trer sur votre balcon.<\/p>\n\n\n\n<h3 class=\"wp-block-heading\"><strong>Facilement inclinable pour un ombrage parfait<\/strong><\/h3>\n\n\n\n<p>Outre le r\u00e9glage en hauteur, le parasol Jardinico Malibu dispose d'un m\u00e9canisme d'inclinaison particuli\u00e8rement simple. D'un mouvement souple, vous inclinez le parasol vers la gauche ou la droite, ce qui vous permet d'ajuster parfaitement sa position au soleil. Pas d'effort, pas d'alimentation \u00e9lectrique, mais une technologie intelligente de Jardinico qui vous permet de profiter au maximum de votre espace ext\u00e9rieur.<\/p>\n\n\n\n<p>Pour les balcons ou les terrasses o\u00f9 le soleil brille parfois \u00e0 des endroits inattendus, ce syst\u00e8me d'inclinaison est un atout consid\u00e9rable.<\/p>\n\n\n\n<h3 class=\"wp-block-heading\"><strong>Ouverture et fermeture en douceur<\/strong><\/h3>\n\n\n\n<p>Jardinico est connu pour son innovation et sa qualit\u00e9, ce qui se refl\u00e8te dans sa facilit\u00e9 d'utilisation. Les <strong>Jardinico Malibu Parasol<\/strong> s'ouvrent sans effort d'un seul geste de la main, et la fermeture est tout aussi facile. Pas de rotation lourde, pas de syst\u00e8me complexe - juste un fonctionnement souple qui s'accorde parfaitement avec le design compact et moderne.<\/p>\n\n\n\n<p>Le parasol convient donc parfaitement \u00e0 un usage quotidien, aussi bien sur une terrasse ensoleill\u00e9e que dans des environnements de restauration o\u00f9 la rapidit\u00e9 et la commodit\u00e9 sont essentielles.<\/p>\n\n\n\n<h3 class=\"wp-block-heading\"><strong>Disponible en blanc et en noir - \u00e9l\u00e9gant dans tous les jardins<\/strong><\/h3>\n\n\n\n<p>Chez T'Hooft Buitengewoon, nous avons le <strong>Jardinico Malibu Parasol 200\u00d7200 cm<\/strong> directement en stock en <strong>Blanc<\/strong> et <strong>Noir<\/strong>. Ces deux couleurs intemporelles s'int\u00e8grent parfaitement \u00e0 presque tous les espaces ext\u00e9rieurs.<\/p>\n\n\n\n<ul class=\"wp-block-list\">\n<li><strong>Blanc<\/strong> donne un aspect frais et moderne \u00e0 votre terrasse et la rend encore plus lumineuse.<\/li>\n\n\n\n<li><strong>Noir<\/strong> respire le luxe et s'int\u00e8gre avec \u00e9l\u00e9gance dans les jardins modernes et classiques.<\/li>\n<\/ul>\n\n\n\n<p>Quelle que soit la couleur choisie, le parasol Jardinico Malibu ajoutera toujours du style et du confort \u00e0 votre environnement ext\u00e9rieur.<\/p>\n\n\n\n<h3 class=\"wp-block-heading\"><strong>Pourquoi choisir le parasol Jardinico Malibu chez T'Hooft ?<\/strong><\/h3>\n\n\n\n<p>Au <strong>T'Hooft Buitengewoon<\/strong> Nous combinons un assortiment exclusif avec une disponibilit\u00e9 imm\u00e9diate et un conseil personnalis\u00e9. Parce que nous avons le parasol Jardinico Malibu en stock, vous b\u00e9n\u00e9ficiez d'une livraison rapide et de la certitude de choisir un produit de qualit\u00e9 dont vous profiterez pendant de nombreuses ann\u00e9es.<\/p>\n\n\n\n<p>Commandez-la facilement \u00e0 l'adresse suivante <a href=\"https:\/\/shop.thooft.com\/nl\/jardinico-malibu-parasol-thooft-outdoor-13jamalibu?colour=170081\" target=\"_blank\" rel=\"noopener noreferrer nofollow\">notre boutique en ligne<\/a>! Nous proposons \u00e9galement la housse et la base de parasol appropri\u00e9es dans les produits pr\u00e9sent\u00e9s.<\/p>\n\n\n\n<p><\/p>","protected":false},"excerpt":{"rendered":"<p>Jardinico Malibu Parasol \u2013 Compact, stijlvol en direct leverbaar bij T\u2019Hooft Buitengewoon Op zoek naar een hoogwaardige parasol die zowel elegant als praktisch is? De Jardinico Malibu Parasol is d\u00e9 perfecte keuze voor wie houdt van stijl, gebruiksgemak en kwaliteit. Bij T\u2019Hooft Buitengewoon hebben we deze populaire parasol nog op voorraad in 200&#215;200 cm, en [&hellip;]<\/p>","protected":false},"featured_media":19872,"menu_order":0,"template":"","format":"standard","meta":{"footnotes":""},"type-collectie":[119],"soort":[71],"merk":[73],"class_list":["post-14435","collecties","type-collecties","status-publish","format-standard","has-post-thumbnail","hentry","type-collectie-middenmastparasols","soort-parasols","merk-jardinico"],"_links":{"self":[{"href":"https:\/\/thooft.com\/fr\/wp-json\/wp\/v2\/collecties\/14435","targetHints":{"allow":["GET"]}}],"collection":[{"href":"https:\/\/thooft.com\/fr\/wp-json\/wp\/v2\/collecties"}],"about":[{"href":"https:\/\/thooft.com\/fr\/wp-json\/wp\/v2\/types\/collecties"}],"version-history":[{"count":3,"href":"https:\/\/thooft.com\/fr\/wp-json\/wp\/v2\/collecties\/14435\/revisions"}],"predecessor-version":[{"id":19880,"href":"https:\/\/thooft.com\/fr\/wp-json\/wp\/v2\/collecties\/14435\/revisions\/19880"}],"wp:featuredmedia":[{"embeddable":true,"href":"https:\/\/thooft.com\/fr\/wp-json\/wp\/v2\/media\/19872"}],"wp:attachment":[{"href":"https:\/\/thooft.com\/fr\/wp-json\/wp\/v2\/media?parent=14435"}],"wp:term":[{"taxonomy":"type-collectie","embeddable":true,"href":"https:\/\/thooft.com\/fr\/wp-json\/wp\/v2\/type-collectie?post=14435"},{"taxonomy":"soort","embeddable":true,"href":"https:\/\/thooft.com\/fr\/wp-json\/wp\/v2\/soort?post=14435"},{"taxonomy":"merk","embeddable":true,"href":"https:\/\/thooft.com\/fr\/wp-json\/wp\/v2\/merk?post=14435"}],"curies":[{"name":"wp","href":"https:\/\/api.w.org\/{rel}","templated":true}]}}