{"id":14423,"date":"2025-10-27T20:06:00","date_gmt":"2025-10-27T20:06:00","guid":{"rendered":"https:\/\/thooft.bast-agency.com\/?post_type=collecties&#038;p=14423"},"modified":"2025-12-15T13:27:38","modified_gmt":"2025-12-15T13:27:38","slug":"jardinico-caractere-parasol","status":"publish","type":"collecties","link":"https:\/\/thooft.com\/fr\/collections\/jardinico-caractere-parasol\/","title":{"rendered":"Caract\u00e8re"},"content":{"rendered":"<h2 class=\"wp-block-heading\"><strong>Parasol Jardinico Caractere - La classe \u00e0 l'\u00e9tat pur en mati\u00e8re d'ombre et d'exp\u00e9rience en plein air<\/strong><\/h2>\n\n\n\n<p>Le <strong><a href=\"https:\/\/jardinico.com\/nl\/parasols\/caractere\/\" data-type=\"link\" data-id=\"https:\/\/jardinico.com\/nl\/parasols\/caractere\/\" target=\"_blank\" rel=\"noopener noreferrer nofollow\">Jardinico Caractere Parasol<\/a><\/strong> est l'un des meilleurs produits d'ombrage de luxe pour l'ext\u00e9rieur. Au <strong>T'Hooft Buitengewoon<\/strong> nous pr\u00e9sentons cette collection comme l'incarnation de l'\u00e9l\u00e9gance, de la technologie et de la durabilit\u00e9. Les parasols Caractere sont connus pour leurs mat\u00e9riaux robustes, leurs syst\u00e8mes m\u00e9caniques sophistiqu\u00e9s et leur large gamme de couleurs et de tailles. Ceux qui optent pour un <strong>Jardinico Caractere Parasol<\/strong>L'espace de vie \u00e0 l'ext\u00e9rieur est un choix conscient de la plus haute qualit\u00e9.<\/p>\n\n\n\n<p>Ces parasols haut de gamme offrent un \u00e9quilibre unique entre esth\u00e9tique et fonctionnalit\u00e9. Ils sont con\u00e7us pour r\u00e9sister \u00e0 plusieurs saisons d'utilisation intensive sans effort, sans compromis sur l'apparence. Que vous souhaitiez meubler une petite terrasse, un grand jardin ou un espace d'accueil professionnel, il y a toujours une solution. <strong>Jardinico Caractere Parasol<\/strong> qui s'adapte parfaitement \u00e0 votre projet.<\/p>\n\n\n\n<h3 class=\"wp-block-heading\"><strong>Conception et construction au plus haut niveau<\/strong><\/h3>\n\n\n\n<p>Le <strong>Jardinico Caractere Parasol<\/strong> se distingue par un savoir-faire artisanal dans les moindres d\u00e9tails. Les cadres en aluminium peint par poudrage sont particuli\u00e8rement robustes et \u00e9l\u00e9gants. Gr\u00e2ce \u00e0 leur r\u00e9sistance \u00e0 la corrosion, ils restent beaux pendant des ann\u00e9es, m\u00eame par temps variable. La construction est robuste, stable et con\u00e7ue pour une utilisation quotidienne et confortable.<\/p>\n\n\n\n<p>De nombreux mod\u00e8les de la ligne Caractere sont \u00e9quip\u00e9s de fonctions intelligentes telles que :<\/p>\n\n\n\n<ul class=\"wp-block-list\">\n<li><strong>Rotation de 360<\/strong> pour une flexibilit\u00e9 totale<\/li>\n\n\n\n<li><strong>Inclinaison en hauteur et lat\u00e9ralement<\/strong><\/li>\n\n\n\n<li><strong>M\u00e9canismes d'ouverture souples \u00e0 glissi\u00e8re, \u00e0 manivelle ou t\u00e9lescopiques<\/strong><\/li>\n\n\n\n<li><strong>Combinaisons de couleurs mixtes et assorties<\/strong> pour le tissu et le cadre<\/li>\n\n\n\n<li><strong>Int\u00e9gration de LED en option<\/strong> (JCP301) <a href=\"https:\/\/shop.thooft.com\/nl\/jcp301-zweefparasol-300x300cm-led-13jajcp301led?colour=805481\" data-type=\"link\" data-id=\"https:\/\/shop.thooft.com\/nl\/jcp301-zweefparasol-300x300cm-led-13jajcp301led?colour=805481\" target=\"_blank\" rel=\"noopener noreferrer nofollow\">(Consultez \u00e9galement notre boutique en ligne pour plus d'informations !)<\/a><\/li>\n<\/ul>\n\n\n\n<p>Avec un <strong>Jardinico Caractere Parasol<\/strong> Vous choisissez donc non seulement le design, mais aussi la facilit\u00e9 d'utilisation et la technologie qui rendent la vie en plein air plus agr\u00e9able.<\/p>\n\n\n\n<h3 class=\"wp-block-heading\"><strong>Couleurs et tissus - Une personnalisation in\u00e9gal\u00e9e<\/strong><\/h3>\n\n\n\n<p>Le <strong>Jardinico Caractere Parasol<\/strong> offre un vaste choix de couleurs de toile et de cadre de haute qualit\u00e9. Cette vari\u00e9t\u00e9 permet d'assortir le parasol exactement \u00e0 votre mobilier de jardin, au rev\u00eatement de votre terrasse ou \u00e0 votre style architectural.<\/p>\n\n\n\n<ul class=\"wp-block-list\">\n<li>Les toiles sont r\u00e9sistantes aux UV, inalt\u00e9rables et extr\u00eamement durables.<\/li>\n\n\n\n<li>Les couleurs des cadres vont du blanc moderne au noir profond, en passant par les textures chaudes du teck et l'\u00e9l\u00e9gant anthracite.<\/li>\n<\/ul>\n\n\n\n<p>Tous <strong>Jardinico Caractere Parasol<\/strong> respire le luxe gr\u00e2ce \u00e0 ses textures subtiles, ses couleurs riches et ses finitions de haute qualit\u00e9.<\/p>\n\n\n\n<h3 class=\"wp-block-heading\"><strong>Tailles disponibles - liste simple<\/strong><\/h3>\n\n\n\n<p>Pour faciliter votre s\u00e9lection, nous vous pr\u00e9sentons ci-dessous les principaux formats des pages analys\u00e9es. Ce sont les formats dans lesquels vous trouverez le <strong>Jardinico Caractere Parasol<\/strong> peut obtenir :<\/p>\n\n\n\n<h3 class=\"wp-block-heading\"><strong>S\u00c9RIE JCP.1<\/strong><\/h3>\n\n\n\n<ul class=\"wp-block-list\">\n<li><strong>JCP.102<\/strong> - 230 \u00d7 230 cm<\/li>\n<\/ul>\n\n\n\n<h3 class=\"wp-block-heading\"><strong>S\u00c9RIE JCP.2<\/strong><\/h3>\n\n\n\n<ul class=\"wp-block-list\">\n<li><strong>JCP.201<\/strong> - 400 \u00d7 400 cm<\/li>\n\n\n\n<li><strong>JCP.202<\/strong> - 500 \u00d7 500 cm<\/li>\n\n\n\n<li><strong>JCP.203<\/strong> - \u00d8 450 cm<\/li>\n<\/ul>\n\n\n\n<h3 class=\"wp-block-heading\"><strong>S\u00c9RIE JCP.3<\/strong><\/h3>\n\n\n\n<ul class=\"wp-block-list\">\n<li><strong>JCP.301<\/strong> - 300 \u00d7 300 cm<\/li>\n\n\n\n<li><strong>JCP.302<\/strong> - 260 \u00d7 260 cm<\/li>\n\n\n\n<li><strong>JCP.303<\/strong> - \u00d8 350 cm<\/li>\n<\/ul>\n\n\n\n<h3 class=\"wp-block-heading\"><strong>S\u00c9RIE JCP.4<\/strong><\/h3>\n\n\n\n<ul class=\"wp-block-list\">\n<li><strong>JCP.401<\/strong> - 370 \u00d7 370 cm<\/li>\n\n\n\n<li><strong>JCP.402<\/strong> - 425 \u00d7 300 cm<\/li>\n\n\n\n<li><strong>JCP.403<\/strong> - \u00d8 400 cm<\/li>\n\n\n\n<li><strong>JCP.404<\/strong> - 250 \u00d7 350 cm<\/li>\n<\/ul>\n\n\n\n<h3 class=\"wp-block-heading\"><strong>S\u00c9RIE JCP.5<\/strong><\/h3>\n\n\n\n<ul class=\"wp-block-list\">\n<li><strong>JCP.501<\/strong> - 4 \u00d7 300 \u00d7 300 cm<\/li>\n<\/ul>\n\n\n\n<h3 class=\"wp-block-heading\"><strong>S\u00c9RIE JCP.6<\/strong><\/h3>\n\n\n\n<ul class=\"wp-block-list\">\n<li><strong>JCP.601<\/strong> - 2 \u00d7 300 \u00d7 300 cm<\/li>\n<\/ul>\n\n\n\n<p>Que vous recherchiez un parasol compact pour un coin salon intime ou une solution \u00e0 grande \u00e9chelle pour une terrasse spacieuse, vous trouverez toujours la bonne taille dans la collection Caractere.<\/p>\n\n\n\n<h3 class=\"wp-block-heading\"><strong>Pourquoi choisir un parasol Jardinico Caractere chez T'Hooft Buitengewoon ?<\/strong><\/h3>\n\n\n\n<p>Au <strong>T'Hooft Buitengewoon<\/strong> nous ne nous contentons pas d'offrir votre <strong>Jardinico Caractere Parasol<\/strong>ainsi que des conseils professionnels et une installation parfaite.<\/p>\n\n\n\n<p>En choisissant un parasol Caractere chez nous, vous en profitez :<\/p>\n\n\n\n<ul class=\"wp-block-list\">\n<li><strong>Conseils personnalis\u00e9s<\/strong> par des sp\u00e9cialistes<\/li>\n\n\n\n<li><strong>Installation professionnelle<\/strong><\/li>\n\n\n\n<li><strong>Une combinaison parfaite avec nos autres collections d'ext\u00e9rieur<\/strong><\/li>\n\n\n\n<li><strong>Mat\u00e9riaux durables et garantie de longue dur\u00e9e<\/strong><\/li>\n\n\n\n<li><strong>Conseils d'entretien et suivi<\/strong><\/li>\n<\/ul>\n\n\n\n<p>Notre \u00e9quipe se fera un plaisir de vous aider \u00e0 choisir la bonne taille, la bonne couleur et le bon design. Ainsi, votre <strong>Jardinico Caractere Parasol<\/strong> toujours parfait dans votre environnement ext\u00e9rieur.<\/p>\n\n\n\n<h3 class=\"wp-block-heading\"><strong>Un investissement dans la qualit\u00e9 de vie en plein air<\/strong><\/h3>\n\n\n\n<p>Le <strong>Jardinico Caractere Parasol<\/strong> est plus qu'une solution d'ombrage. C'est un investissement dans la qualit\u00e9 de vie. Gr\u00e2ce \u00e0 ses mat\u00e9riaux durables, ses syst\u00e8mes conviviaux et son aspect \u00e9l\u00e9gant, Caractere est une valeur durable pour tout jardin ou terrasse. Les parasols sont con\u00e7us pour durer des ann\u00e9es et conserver leur aspect luxueux, m\u00eame en cas d'utilisation intensive.<\/p>\n\n\n\n<h3 class=\"wp-block-heading\">Pr\u00eat \u00e0 d\u00e9couvrir votre parasol Jardinico Caractere ?<\/h3>\n\n\n\n<p>Nous vous invitons \u00e0 venir voir la collection dans notre salle d'exposition ou \u00e0 nous contacter pour un conseil personnalis\u00e9. Nous nous ferons un plaisir de vous aider ! Vous pouvez d'ores et d\u00e9j\u00e0 visualiser une configuration \u00e0 l'adresse suivante <a href=\"https:\/\/shop.thooft.com\/nl\/jardinico-caractere-parasol-belgische-kwaliteits-parasols-13jacaractereparasol?colour=748953\" data-type=\"link\" data-id=\"https:\/\/shop.thooft.com\/nl\/jardinico-caractere-parasol-belgische-kwaliteits-parasols-13jacaractereparasol?colour=748953\" target=\"_blank\" rel=\"noopener noreferrer nofollow\">notre boutique en ligne.<\/a><\/p>\n\n\n\n<p>Le mod\u00e8le JCP301 de 300x300 cm est expos\u00e9 dans notre salle d'exposition, n'h\u00e9sitez pas \u00e0 nous rendre visite.<\/p>\n\n\n\n<p><\/p>","protected":false},"excerpt":{"rendered":"<p>Jardinico Caractere Parasol \u2013 Pure klasse in schaduw en buitenbeleving De Jardinico Caractere Parasol behoort tot de absolute top binnen luxueuze outdoor shading. Bij T\u2019Hooft Buitengewoon presenteren we deze collectie als h\u00e9t voorbeeld van hoe elegantie, techniek en duurzaamheid samenkomen. De Caractere-parasols staan bekend om hun robuuste materialen, verfijnde mechanische systemen en een brede waaier [&hellip;]<\/p>","protected":false},"featured_media":14425,"menu_order":0,"template":"","format":"standard","meta":{"footnotes":""},"type-collectie":[118],"soort":[71],"merk":[73],"class_list":["post-14423","collecties","type-collecties","status-publish","format-standard","has-post-thumbnail","hentry","type-collectie-zweefparasols","soort-parasols","merk-jardinico"],"_links":{"self":[{"href":"https:\/\/thooft.com\/fr\/wp-json\/wp\/v2\/collecties\/14423","targetHints":{"allow":["GET"]}}],"collection":[{"href":"https:\/\/thooft.com\/fr\/wp-json\/wp\/v2\/collecties"}],"about":[{"href":"https:\/\/thooft.com\/fr\/wp-json\/wp\/v2\/types\/collecties"}],"version-history":[{"count":5,"href":"https:\/\/thooft.com\/fr\/wp-json\/wp\/v2\/collecties\/14423\/revisions"}],"predecessor-version":[{"id":20482,"href":"https:\/\/thooft.com\/fr\/wp-json\/wp\/v2\/collecties\/14423\/revisions\/20482"}],"wp:featuredmedia":[{"embeddable":true,"href":"https:\/\/thooft.com\/fr\/wp-json\/wp\/v2\/media\/14425"}],"wp:attachment":[{"href":"https:\/\/thooft.com\/fr\/wp-json\/wp\/v2\/media?parent=14423"}],"wp:term":[{"taxonomy":"type-collectie","embeddable":true,"href":"https:\/\/thooft.com\/fr\/wp-json\/wp\/v2\/type-collectie?post=14423"},{"taxonomy":"soort","embeddable":true,"href":"https:\/\/thooft.com\/fr\/wp-json\/wp\/v2\/soort?post=14423"},{"taxonomy":"merk","embeddable":true,"href":"https:\/\/thooft.com\/fr\/wp-json\/wp\/v2\/merk?post=14423"}],"curies":[{"name":"wp","href":"https:\/\/api.w.org\/{rel}","templated":true}]}}