{"id":13858,"date":"2025-02-27T18:51:48","date_gmt":"2025-02-27T18:51:48","guid":{"rendered":"https:\/\/thooft.bast-agency.com\/?post_type=collecties&#038;p=13858"},"modified":"2026-01-10T11:27:38","modified_gmt":"2026-01-10T11:27:38","slug":"collection-frida-vincent-sheppard","status":"publish","type":"collecties","link":"https:\/\/thooft.com\/fr\/collections\/collection-frida-vincent-sheppard\/","title":{"rendered":"Frida"},"content":{"rendered":"<p>Le <a href=\"https:\/\/www.vincentsheppard.com\/eu\/nl\/collecties\/outdoor\/frida-collectie\" target=\"_blank\" rel=\"noopener noreferrer nofollow\"><strong>Collection Frida<\/strong> Vincent Sheppard<\/a> Frida se distingue imm\u00e9diatement par son langage de conception distinct et son aspect tactile. Avec son assise g\u00e9n\u00e9reuse, son cadre arrondi et son si\u00e8ge en corde raffin\u00e9, Frida allie l\u00e9g\u00e8ret\u00e9 et confort. Le r\u00e9sultat est une chaise \u00e9l\u00e9gante sous tous les angles et qui devient sans effort la pi\u00e8ce ma\u00eetresse d'une terrasse ou d'un int\u00e9rieur ext\u00e9rieur.<\/p>\n\n\n\n<h3 class=\"wp-block-heading\"><strong>Design danois avec une touche contemporaine<\/strong><\/h3>\n\n\n\n<p>Le design de la collection Frida de Vincent Sheppard a \u00e9t\u00e9 inspir\u00e9 par le travail visionnaire du designer danois <strong>Illum Wikkels\u00f8<\/strong>qui \u00e9tait connu dans les ann\u00e9es 1950 pour ses formes douces et ses si\u00e8ges accueillants. Vincent Sheppard a r\u00e9interpr\u00e9t\u00e9 ce design embl\u00e9matique et l'a adapt\u00e9 aux normes contemporaines, en mettant l'accent sur l'ergonomie, le confort et la durabilit\u00e9, sans perdre son caract\u00e8re original.<\/p>\n\n\n\n<h3 class=\"wp-block-heading\"><strong>Des si\u00e8ges g\u00e9n\u00e9reux et un confort exceptionnel<\/strong><\/h3>\n\n\n\n<p>L'assise spacieuse de la collection Frida de Vincent Sheppard est fabriqu\u00e9e \u00e0 partir d'une corde tendue et offre un confort d'assise \u00e9tonnamment \u00e9lev\u00e9. La structure ouverte cr\u00e9e une sensation d'a\u00e9ration, tandis que la forme de la chaise soutient naturellement le corps. Que vous choisissiez la chaise de salle \u00e0 manger ou la chaise de salon, Frida vous invite \u00e0 vous asseoir et \u00e0 en profiter plus longtemps.<\/p>\n\n\n\n<h3 class=\"wp-block-heading\"><strong>L'artisanat dans les moindres d\u00e9tails<\/strong><\/h3>\n\n\n\n<p>Chaque chaise Frida est tiss\u00e9e \u00e0 la main autour d'un <strong>cadre en teck massif<\/strong> par des artisans exp\u00e9riment\u00e9s. Le processus de tissage \u00e0 lui seul prend une journ\u00e9e enti\u00e8re, ce qui souligne la qualit\u00e9 exceptionnelle et l'attention port\u00e9e aux d\u00e9tails. La corde en polypropyl\u00e8ne utilis\u00e9e est renforc\u00e9e par une \u00e2me en PVC, ce qui la rend r\u00e9sistante \u00e0 un usage intensif et \u00e0 diverses conditions m\u00e9t\u00e9orologiques.<\/p>\n\n\n\n<h3 class=\"wp-block-heading\"><strong>Finitions et combinaisons de couleurs raffin\u00e9es<\/strong><\/h3>\n\n\n\n<p>La collection Frida de Vincent Sheppard offre une s\u00e9lection de finitions soigneusement s\u00e9lectionn\u00e9es qui s'int\u00e8grent parfaitement \u00e0 une vari\u00e9t\u00e9 de styles ext\u00e9rieurs. La structure en teck est disponible en <strong>teck teint\u00e9 noir<\/strong> ou <strong>teck naturel, non trait\u00e9<\/strong>.<\/p>\n\n\n\n<p>Le si\u00e8ge en corde est disponible en plusieurs couleurs :<\/p>\n\n\n\n<ul class=\"wp-block-list\">\n<li>Noir onyx<\/li>\n\n\n\n<li>Dune White<\/li>\n\n\n\n<li>Anthracite<\/li>\n\n\n\n<li>Vert fonc\u00e9<\/li>\n<\/ul>\n\n\n\n<p>Ces combinaisons permettent d'adapter facilement la chaise Frida \u00e0 l'atmosph\u00e8re de votre espace ext\u00e9rieur.<\/p>\n\n\n\n<h3 class=\"wp-block-heading\"><strong>Mod\u00e8les de la collection Frida<\/strong><\/h3>\n\n\n\n<ul class=\"wp-block-list\">\n<li><strong>Chaise de salle \u00e0 manger Frida<\/strong><\/li>\n\n\n\n<li><strong>Chaise longue Frida<\/strong><\/li>\n<\/ul>\n\n\n\n<p>Les deux mod\u00e8les sont magnifiques sous tous les angles et forment ensemble une collection harmonieuse et polyvalente.<\/p>\n\n\n\n<h3 class=\"wp-block-heading\"><strong>D\u00e9couvrez la collection Frida <strong>Vincent Sheppard<\/strong> avec nous<\/strong><\/h3>\n\n\n\n<p>Vous souhaitez d\u00e9couvrir les mat\u00e9riaux, le confort d'assise et les finitions de Frida ?<br><strong><a href=\"https:\/\/thooft.com\/fr\/prendre-un-rendez-vous\/\">Visitez notre salle d'exposition<\/a> ou <a href=\"https:\/\/thooft.com\/fr\/contact-et-heures-douverture\/\">prendre contact<\/a> pour des conseils personnalis\u00e9s en mati\u00e8re de couleurs et de combinaisons.<\/strong> Nos experts en am\u00e9nagement ext\u00e9rieur se feront un plaisir de vous aider \u00e0 cr\u00e9er un cadre ext\u00e9rieur ou int\u00e9rieur parfait qui correspond \u00e0 votre style et \u00e0 votre vision.<\/p>","protected":false},"excerpt":{"rendered":"<p>De Frida collectie Vincent Sheppard valt meteen op door haar uitgesproken vormtaal en tactiele uitstraling. Met haar royale zit, afgeronde frame en verfijnde touwzitting combineert Frida luchtigheid met comfort. Het resultaat is een stoel die vanuit elke hoek elegant oogt en moeiteloos het middelpunt vormt van elk terras of buiteninterieur. Deens design met een hedendaagse [&hellip;]<\/p>","protected":false},"featured_media":20856,"menu_order":0,"template":"","format":"standard","meta":{"footnotes":""},"type-collectie":[133,98],"soort":[60],"merk":[62],"class_list":["post-13858","collecties","type-collecties","status-publish","format-standard","has-post-thumbnail","hentry","type-collectie-loungestoelen","type-collectie-stoelen","soort-klassieke-tuinmeubelen","merk-vincent-sheppard"],"_links":{"self":[{"href":"https:\/\/thooft.com\/fr\/wp-json\/wp\/v2\/collecties\/13858","targetHints":{"allow":["GET"]}}],"collection":[{"href":"https:\/\/thooft.com\/fr\/wp-json\/wp\/v2\/collecties"}],"about":[{"href":"https:\/\/thooft.com\/fr\/wp-json\/wp\/v2\/types\/collecties"}],"version-history":[{"count":1,"href":"https:\/\/thooft.com\/fr\/wp-json\/wp\/v2\/collecties\/13858\/revisions"}],"predecessor-version":[{"id":20857,"href":"https:\/\/thooft.com\/fr\/wp-json\/wp\/v2\/collecties\/13858\/revisions\/20857"}],"wp:featuredmedia":[{"embeddable":true,"href":"https:\/\/thooft.com\/fr\/wp-json\/wp\/v2\/media\/20856"}],"wp:attachment":[{"href":"https:\/\/thooft.com\/fr\/wp-json\/wp\/v2\/media?parent=13858"}],"wp:term":[{"taxonomy":"type-collectie","embeddable":true,"href":"https:\/\/thooft.com\/fr\/wp-json\/wp\/v2\/type-collectie?post=13858"},{"taxonomy":"soort","embeddable":true,"href":"https:\/\/thooft.com\/fr\/wp-json\/wp\/v2\/soort?post=13858"},{"taxonomy":"merk","embeddable":true,"href":"https:\/\/thooft.com\/fr\/wp-json\/wp\/v2\/merk?post=13858"}],"curies":[{"name":"wp","href":"https:\/\/api.w.org\/{rel}","templated":true}]}}