{"id":13852,"date":"2025-02-27T18:51:01","date_gmt":"2025-02-27T18:51:01","guid":{"rendered":"https:\/\/thooft.bast-agency.com\/?post_type=collecties&#038;p=13852"},"modified":"2026-01-10T11:54:47","modified_gmt":"2026-01-10T11:54:47","slug":"collection-freya-vincent-sheppard","status":"publish","type":"collecties","link":"https:\/\/thooft.com\/fr\/collections\/collection-freya-vincent-sheppard\/","title":{"rendered":"Freya"},"content":{"rendered":"<p>Le <a href=\"https:\/\/www.vincentsheppard.com\/eu\/nl\/p\/o\/tuinstoelen\/freya-dining-armchair\" target=\"_blank\" rel=\"noopener noreferrer nofollow\"><strong>Collection Freya<\/strong> Vincent Sheppard<\/a> incarne l'\u00e9l\u00e9gance intemporelle avec un look puissant et naturel. Combinant un savoir-faire classique avec un langage de conception contemporain, cette chaise empilable est con\u00e7ue pour s'int\u00e9grer sans effort dans les espaces ext\u00e9rieurs priv\u00e9s et professionnels.<\/p>\n\n\n\n<h3 class=\"wp-block-heading\"><strong>Un design classique avec une touche de robustesse<\/strong><\/h3>\n\n\n\n<p>La collection Freya de Vincent Sheppard se distingue par ses <strong>pieds en bois massif<\/strong> et un <strong>dossier incurv\u00e9<\/strong> qui est subtilement arrondi. Ces lignes douces cr\u00e9ent un confort d'assise invitant, tandis que la construction robuste donne \u00e0 la chaise un aspect solide et confiant.<\/p>\n\n\n\n<p>Le si\u00e8ge se caract\u00e9rise par <strong>trois larges lattes de teck<\/strong>qui offrent non seulement un confort mais aussi une esth\u00e9tique reconnaissable et intemporelle, avec des d\u00e9tails raffin\u00e9s dans les angles.<\/p>\n\n\n\n<h3 class=\"wp-block-heading\"><strong>Empilable et pratique \u00e0 utiliser<\/strong><\/h3>\n\n\n\n<p>Outre ses qualit\u00e9s esth\u00e9tiques, la chaise Freya est \u00e9galement extr\u00eamement fonctionnelle. Gr\u00e2ce \u00e0 la <strong>conception empilable<\/strong> Cette chaise est id\u00e9ale pour les terrasses, la restauration et les applications bas\u00e9es sur des projets o\u00f9 la flexibilit\u00e9 et l'efficacit\u00e9 sont importantes. Freya allie sans effort beaut\u00e9 et facilit\u00e9 d'utilisation.<\/p>\n\n\n\n<h3 class=\"wp-block-heading\"><strong>Teck durable pour une utilisation ext\u00e9rieure \u00e0 long terme<\/strong><\/h3>\n\n\n\n<p>La collection Freya de Vincent Sheppard est fabriqu\u00e9e en teck de haute qualit\u00e9, connu pour sa durabilit\u00e9 et sa r\u00e9sistance naturelle aux intemp\u00e9ries. La chaise est donc parfaite pour une utilisation en ext\u00e9rieur, conservant son caract\u00e8re et sa qualit\u00e9 au fil des saisons.<\/p>\n\n\n\n<h3 class=\"wp-block-heading\"><strong>Un charme intemporel pour tout espace ext\u00e9rieur<\/strong><\/h3>\n\n\n\n<p>Qu'il s'agisse d'un jardin \u00e9l\u00e9gant, d'une terrasse ou d'un concept d'accueil, le fauteuil Freya conf\u00e8re une \u00e9l\u00e9gance chaleureuse et naturelle \u00e0 tout environnement. Le design est familier tout en restant contemporain - un \u00e9quilibre parfait entre la tradition et la modernit\u00e9 de la vie en plein air.<\/p>\n\n\n\n<h3 class=\"wp-block-heading\"><strong>D\u00e9couvrez la collection Freya Vincent Sheppard dans notre showroom<\/strong><\/h3>\n\n\n\n<p>Vous souhaitez d\u00e9couvrir par vous-m\u00eame le bois de teck, le confort d'assise et l'aspect de la chaise Freya ?<br><strong><a href=\"https:\/\/thooft.com\/fr\/prendre-un-rendez-vous\/\">Visitez notre salle d'exposition<\/a> ou <a href=\"https:\/\/thooft.com\/fr\/contact-et-heures-douverture\/\">prendre contact<\/a> pour des conseils personnalis\u00e9s en mati\u00e8re de couleurs et de combinaisons.<\/strong> Nos experts en am\u00e9nagement ext\u00e9rieur se feront un plaisir de vous aider \u00e0 cr\u00e9er un cadre ext\u00e9rieur ou int\u00e9rieur parfait qui correspond \u00e0 votre style et \u00e0 votre vision.<\/p>","protected":false},"excerpt":{"rendered":"<p>La collection Freya de Vincent Sheppard incarne l'\u00e9l\u00e9gance intemporelle avec un look puissant et naturel. Combinant un savoir-faire classique avec un langage de design contemporain, cette chaise empilable est con\u00e7ue pour s'int\u00e9grer sans effort dans les espaces ext\u00e9rieurs priv\u00e9s et professionnels. Un design classique avec une touche de robustesse La collection Freya Vincent Sheppard se distingue par ses pieds en bois massif [...]<\/p>","protected":false},"featured_media":13853,"menu_order":0,"template":"","format":"standard","meta":{"footnotes":""},"type-collectie":[98],"soort":[60],"merk":[62],"class_list":["post-13852","collecties","type-collecties","status-publish","format-standard","has-post-thumbnail","hentry","type-collectie-stoelen","soort-klassieke-tuinmeubelen","merk-vincent-sheppard"],"_links":{"self":[{"href":"https:\/\/thooft.com\/fr\/wp-json\/wp\/v2\/collecties\/13852","targetHints":{"allow":["GET"]}}],"collection":[{"href":"https:\/\/thooft.com\/fr\/wp-json\/wp\/v2\/collecties"}],"about":[{"href":"https:\/\/thooft.com\/fr\/wp-json\/wp\/v2\/types\/collecties"}],"version-history":[{"count":1,"href":"https:\/\/thooft.com\/fr\/wp-json\/wp\/v2\/collecties\/13852\/revisions"}],"predecessor-version":[{"id":20862,"href":"https:\/\/thooft.com\/fr\/wp-json\/wp\/v2\/collecties\/13852\/revisions\/20862"}],"wp:featuredmedia":[{"embeddable":true,"href":"https:\/\/thooft.com\/fr\/wp-json\/wp\/v2\/media\/13853"}],"wp:attachment":[{"href":"https:\/\/thooft.com\/fr\/wp-json\/wp\/v2\/media?parent=13852"}],"wp:term":[{"taxonomy":"type-collectie","embeddable":true,"href":"https:\/\/thooft.com\/fr\/wp-json\/wp\/v2\/type-collectie?post=13852"},{"taxonomy":"soort","embeddable":true,"href":"https:\/\/thooft.com\/fr\/wp-json\/wp\/v2\/soort?post=13852"},{"taxonomy":"merk","embeddable":true,"href":"https:\/\/thooft.com\/fr\/wp-json\/wp\/v2\/merk?post=13852"}],"curies":[{"name":"wp","href":"https:\/\/api.w.org\/{rel}","templated":true}]}}