{"id":12986,"date":"2025-02-27T15:44:34","date_gmt":"2025-02-27T15:44:34","guid":{"rendered":"https:\/\/thooft.bast-agency.com\/?post_type=collecties&#038;p=12986"},"modified":"2025-08-23T16:12:16","modified_gmt":"2025-08-23T16:12:16","slug":"collection-ulm-foundom","status":"publish","type":"collecties","link":"https:\/\/thooft.com\/fr\/collections\/collection-ulm-foundom\/","title":{"rendered":"Ulm"},"content":{"rendered":"<h3 class=\"wp-block-heading\">Un nouveau classique de l'am\u00e9nagement ext\u00e9rieur<\/h3>\n\n\n\n<p>Le <strong>Collection Ulm<\/strong> <strong>Vondom<\/strong>Ulm, con\u00e7u par Ram\u00f3n Esteve pour Vondom, symbolise un nouveau type d'assise pour le mobilier d'ext\u00e9rieur. Avec son caract\u00e8re rationnel et universel, Ulm forme un ensemble harmonieux, \u00e0 la fois intemporel et innovant.<\/p>\n\n\n\n<h3 class=\"wp-block-heading\">Modularit\u00e9 et fonctionnalit\u00e9 en \u00e9quilibre<\/h3>\n\n\n\n<p>La collection se compose d'\u00e9l\u00e9ments modulaires que vous pouvez combiner sans effort pour cr\u00e9er un arrangement de salon personnel et flexible. Gr\u00e2ce \u00e0 ses formes de base claires - cube, prisme et sph\u00e8re - Ulm rayonne de paix et d'harmonie dans tout espace ext\u00e9rieur.<\/p>\n\n\n\n<h3 class=\"wp-block-heading\">Confort, ergonomie et technologie<\/h3>\n\n\n\n<p>Outre son aspect sophistiqu\u00e9, la collection Ulm Vondom est synonyme de confort optimal. Chaque pi\u00e8ce est con\u00e7ue de mani\u00e8re ergonomique et fabriqu\u00e9e \u00e0 l'aide des derni\u00e8res technologies et de mat\u00e9riaux de haute qualit\u00e9, ce qui rend la collection \u00e0 la fois durable et conviviale.<\/p>\n\n\n\n<h3 class=\"wp-block-heading\">Une transformation sophistiqu\u00e9e de votre espace ext\u00e9rieur<\/h3>\n\n\n\n<p>Qu'il s'agisse d'un salon compact ou d'un espace ext\u00e9rieur g\u00e9n\u00e9reux, la collection Ulm fait passer toute terrasse ou tout jardin \u00e0 la vitesse sup\u00e9rieure. Innovante, styl\u00e9e et avec une touche d'\u00e9l\u00e9gance m\u00e9diterran\u00e9enne.<\/p>\n\n\n\n<h3 class=\"wp-block-heading\"><strong>Transformez votre espace ext\u00e9rieur avec Ulm<\/strong><\/h3>\n\n\n\n<p>L'exp\u00e9rience de la <strong><a href=\"https:\/\/www.vondom.com\/collections\/ulm\/\" target=\"_blank\" rel=\"noopener noreferrer nofollow\">Collection Ulm Vondom<\/a><\/strong> et d\u00e9couvrez comment ce design embl\u00e9matique transforme votre espace ext\u00e9rieur. Visitez le site <a href=\"https:\/\/thooft.com\/fr\/prendre-un-rendez-vous\/\">notre salle d'exposition<\/a> et s'en inspirer.<\/p>\n\n\n\n<p><\/p>","protected":false},"excerpt":{"rendered":"<p>Un nouveau classique du design d'ext\u00e9rieur La collection Ulm de Vondom, con\u00e7ue par Ram\u00f3n Esteve pour Vondom, symbolise un nouveau type de fondement du mobilier d'ext\u00e9rieur. Avec son caract\u00e8re rationnel et universel, Ulm forme un ensemble harmonieux, \u00e0 la fois intemporel et innovant. Modularit\u00e9 et fonctionnalit\u00e9 \u00e9quilibr\u00e9es La collection se compose d'\u00e9l\u00e9ments modulaires que vous [...]<\/p>","protected":false},"featured_media":17664,"menu_order":0,"template":"","format":"standard","meta":{"footnotes":""},"type-collectie":[93],"soort":[58],"merk":[42],"class_list":["post-12986","collecties","type-collecties","status-publish","format-standard","has-post-thumbnail","hentry","type-collectie-loungesets","soort-moderne-tuinmeubelen","merk-vondom"],"_links":{"self":[{"href":"https:\/\/thooft.com\/fr\/wp-json\/wp\/v2\/collecties\/12986","targetHints":{"allow":["GET"]}}],"collection":[{"href":"https:\/\/thooft.com\/fr\/wp-json\/wp\/v2\/collecties"}],"about":[{"href":"https:\/\/thooft.com\/fr\/wp-json\/wp\/v2\/types\/collecties"}],"version-history":[{"count":1,"href":"https:\/\/thooft.com\/fr\/wp-json\/wp\/v2\/collecties\/12986\/revisions"}],"predecessor-version":[{"id":17658,"href":"https:\/\/thooft.com\/fr\/wp-json\/wp\/v2\/collecties\/12986\/revisions\/17658"}],"wp:featuredmedia":[{"embeddable":true,"href":"https:\/\/thooft.com\/fr\/wp-json\/wp\/v2\/media\/17664"}],"wp:attachment":[{"href":"https:\/\/thooft.com\/fr\/wp-json\/wp\/v2\/media?parent=12986"}],"wp:term":[{"taxonomy":"type-collectie","embeddable":true,"href":"https:\/\/thooft.com\/fr\/wp-json\/wp\/v2\/type-collectie?post=12986"},{"taxonomy":"soort","embeddable":true,"href":"https:\/\/thooft.com\/fr\/wp-json\/wp\/v2\/soort?post=12986"},{"taxonomy":"merk","embeddable":true,"href":"https:\/\/thooft.com\/fr\/wp-json\/wp\/v2\/merk?post=12986"}],"curies":[{"name":"wp","href":"https:\/\/api.w.org\/{rel}","templated":true}]}}